{"id":197327,"date":"2025-10-17T14:15:17","date_gmt":"2025-10-17T18:15:17","guid":{"rendered":"https:\/\/onbcanada.ca\/?post_type=tribe_events&#038;p=197327"},"modified":"2025-12-05T14:44:33","modified_gmt":"2025-12-05T19:44:33","slug":"2026-nahb-international-builders-show","status":"publish","type":"tribe_events","link":"https:\/\/onbcanada.ca\/fr\/event\/2026-nahb-international-builders-show\/","title":{"rendered":"2026 NAHB International Builders\u2019 Show"},"content":{"rendered":"<p><!--StartFragment --><\/p>\n<p class=\"pf0\"><span class=\"cf0\">Le NAHB International Builders&rsquo; Show\u00ae (IBS) est l\u2019\u00e9v\u00e9nement phare du secteur de la construction et des infrastructures, attirant des d\u00e9cideurs, constructeurs, concepteurs, architectes, acheteurs et professionnels de l\u2019industrie du monde entier. Avec plus de 80\u202f000 professionnels provenant de plus de 100 pays, plus de 1\u202f700 exposants et plus de 100 s\u00e9ances de formation, cet \u00e9v\u00e9nement annuel constitue une plateforme id\u00e9ale pour les entreprises de produits de construction de la r\u00e9gion atlantique du Canada pr\u00eates \u00e0 exporter qui souhaitent mettre en valeur leur expertise, r\u00e9seauter et nouer de nouvelles relations d&rsquo;affaires.<\/span><\/p>\n<p class=\"pf0\"><span class=\"cf0\">Que ce soit pour exposer vos produits au Pavillon du Canada atlantique ou explorer le salon de la plus grande exposition annuelle de construction l\u00e9g\u00e8re au monde, ne manquez pas cette occasion de rejoindre la d\u00e9l\u00e9gation du Canada atlantique et de profiter du jumelage interentreprises (B2B), des opportunit\u00e9s de r\u00e9seautage et bien plus encore.<\/span><\/p>\n<p class=\"pf0\"><span class=\"cf0\">Les candidatures seront examin\u00e9es afin de d\u00e9terminer la pr\u00e9paration \u00e0 l\u2019exportation des candidats pour leur participation au pavillon de l\u2019Atlantique.<\/span> <span class=\"cf0\">Seules les candidatures compl\u00e8tes seront prises en compte. Veuillez noter que la priorit\u00e9 de participation sera accord\u00e9e aux entreprises dont les produits et services s\u2019alignent sur l\u2019orientation verte et durable de l\u2019ATIGA.<\/span><\/p>\n<p class=\"pf0\"><em>Ce projet est soutenu par le gouvernement du Canada et les quatre provinces atlantiques dans le cadre de l\u2019Accord sur le commerce, l\u2019investissement et la croissance de l\u2019Atlantique.<\/em><\/p>\n<p><!--StartFragment --><\/p>\n<p><!--EndFragment --><\/p>\n<p><!--StartFragment --><\/p>\n<p><!--EndFragment --><\/p>\n<p><!--EndFragment --><\/p>\n","protected":false},"excerpt":{"rendered":"<p>Le NAHB International Builders&rsquo; Show\u00ae (IBS) est l\u2019\u00e9v\u00e9nement phare du secteur de la construction et des infrastructures, attirant des d\u00e9cideurs, constructeurs, concepteurs, architectes, acheteurs et professionnels de l\u2019industrie du monde [&hellip;]<\/p>\n","protected":false},"author":19,"featured_media":197326,"template":"","meta":{"_seopress_robots_primary_cat":"","_seopress_titles_title":"","_seopress_titles_desc":"","_seopress_robots_index":"","_tribe_events_status":"","_tribe_events_status_reason":"","_tribe_events_is_hybrid":"","_tribe_events_is_virtual":"","_tribe_events_virtual_video_source":"","_tribe_events_virtual_embed_video":"","_tribe_events_virtual_linked_button_text":"","_tribe_events_virtual_linked_button":"","_tribe_events_virtual_show_embed_at":"","_tribe_events_virtual_show_embed_to":[],"_tribe_events_virtual_show_on_event":"","_tribe_events_virtual_show_on_views":"","_tribe_events_virtual_url":"","footnotes":""},"tags":[],"tribe_events_cat":[],"class_list":["post-197327","tribe_events","type-tribe_events","status-publish","has-post-thumbnail","hentry"],"meta_box":{"type_of_event":"Mission commerciale","sector":"Construction et infrastructure","key_features":"Espace d'exposition, visibilit\u00e9 de votre marque, coaching individuel, rencontres interentreprises, r\u00e9seautage sur le march\u00e9, options de participation flexibles","recommended_for":"Exportateurs actifs","primary_region_of_focus":"Mondial","participation_fees":"\u00c0 partir de 500 $ (voyage et h\u00e9bergement non inclus)","application_deadline":"Le 10 octobre 2025","got_a_question":"<p>Bary Pope<br \/>\n<a href=\"mailto:barry.pope@onbcanada.ca\"><strong>barry.pope@onbcanada.ca<\/strong><\/a><\/p>\n","event_status":"Confirmed","ticket_url":"","ticket_button_text":"","disclaimer":""},"_links":{"self":[{"href":"https:\/\/onbcanada.ca\/fr\/wp-json\/wp\/v2\/tribe_events\/197327","targetHints":{"allow":["GET"]}}],"collection":[{"href":"https:\/\/onbcanada.ca\/fr\/wp-json\/wp\/v2\/tribe_events"}],"about":[{"href":"https:\/\/onbcanada.ca\/fr\/wp-json\/wp\/v2\/types\/tribe_events"}],"author":[{"embeddable":true,"href":"https:\/\/onbcanada.ca\/fr\/wp-json\/wp\/v2\/users\/19"}],"version-history":[{"count":4,"href":"https:\/\/onbcanada.ca\/fr\/wp-json\/wp\/v2\/tribe_events\/197327\/revisions"}],"predecessor-version":[{"id":197334,"href":"https:\/\/onbcanada.ca\/fr\/wp-json\/wp\/v2\/tribe_events\/197327\/revisions\/197334"}],"wp:featuredmedia":[{"embeddable":true,"href":"https:\/\/onbcanada.ca\/fr\/wp-json\/wp\/v2\/media\/197326"}],"wp:attachment":[{"href":"https:\/\/onbcanada.ca\/fr\/wp-json\/wp\/v2\/media?parent=197327"}],"wp:term":[{"taxonomy":"post_tag","embeddable":true,"href":"https:\/\/onbcanada.ca\/fr\/wp-json\/wp\/v2\/tags?post=197327"},{"taxonomy":"tribe_events_cat","embeddable":true,"href":"https:\/\/onbcanada.ca\/fr\/wp-json\/wp\/v2\/tribe_events_cat?post=197327"}],"curies":[{"name":"wp","href":"https:\/\/api.w.org\/{rel}","templated":true}]}}