{"id":197375,"date":"2025-10-28T14:23:17","date_gmt":"2025-10-28T18:23:17","guid":{"rendered":"https:\/\/onbcanada.ca\/?post_type=tribe_events&#038;p=197375"},"modified":"2025-12-05T14:49:43","modified_gmt":"2025-12-05T19:49:43","slug":"serie-de-webinaires-sur-lexportation-donb-2025-tic-et-tarifs-defis-et-opportunites-pour-les-exportateurs-de-technologies","status":"publish","type":"tribe_events","link":"https:\/\/onbcanada.ca\/fr\/event\/serie-de-webinaires-sur-lexportation-donb-2025-tic-et-tarifs-defis-et-opportunites-pour-les-exportateurs-de-technologies\/","title":{"rendered":"S\u00e9rie de webinaires sur l\u2019exportation d\u2019ONB 2025 \u2013\u00a0 TIC et tarifs: d\u00e9fis et opportunit\u00e9s pour les exportateurs de technologies"},"content":{"rendered":"<p><!--StartFragment --><\/p>\n<p class=\"pf0\"><span class=\"cf0\">D\u00e9couvrez comment les politiques commerciales am\u00e9ricaines et l\u2019incertitude tarifaire impactent les exportateurs des TIC et de technologies du Nouveau-Brunswick. Le huiti\u00e8me \u00e9pisode de la s\u00e9rie sur l\u2019exportation d\u2019ONB proposera des analyses de march\u00e9, une pr\u00e9sentation sur les tendances mondiales en TIC, et un panel de leaders partageant exp\u00e9riences, strat\u00e9gies et conseils pratiques pour relever ces d\u00e9fis.<\/span><\/p>\n<p class=\"pf0\"><span class=\"cf0\">La s\u00e9rie de webinaires sur l\u2019exportation d\u2019ONB aide les exportateurs du Nouveau-Brunswick \u00e0 surmonter les obstacles commerciaux gr\u00e2ce \u00e0 des pr\u00e9sentations, des conf\u00e9rences et des tables rondes. Chaque session dure de 45 \u00e0 90 minutes. Les participants peuvent y assister en direct ou visionner le webinaire ult\u00e9rieurement via un lien, ce qui leur permet d\u2019approfondir leurs connaissances ou de se tenir \u00e0 jour sur les sujets cl\u00e9s, \u00e0 leur rythme.<\/span><\/p>\n<p><!--EndFragment --><\/p>\n","protected":false},"excerpt":{"rendered":"<p>D\u00e9couvrez comment les politiques commerciales am\u00e9ricaines et l\u2019incertitude tarifaire impactent les exportateurs des TIC et de technologies du Nouveau-Brunswick. Le huiti\u00e8me \u00e9pisode de la s\u00e9rie sur l\u2019exportation d\u2019ONB proposera des [&hellip;]<\/p>\n","protected":false},"author":19,"featured_media":198528,"template":"","meta":{"_seopress_robots_primary_cat":"","_seopress_titles_title":"","_seopress_titles_desc":"","_seopress_robots_index":"","_tribe_events_status":"","_tribe_events_status_reason":"","_tribe_events_is_hybrid":"","_tribe_events_is_virtual":"","_tribe_events_virtual_video_source":"","_tribe_events_virtual_embed_video":"","_tribe_events_virtual_linked_button_text":"","_tribe_events_virtual_linked_button":"","_tribe_events_virtual_show_embed_at":"","_tribe_events_virtual_show_embed_to":[],"_tribe_events_virtual_show_on_event":"","_tribe_events_virtual_show_on_views":"","_tribe_events_virtual_url":"","footnotes":""},"tags":[],"tribe_events_cat":[],"class_list":["post-197375","tribe_events","type-tribe_events","status-publish","has-post-thumbnail","hentry"],"meta_box":{"type_of_event":"Webinaire","sector":"Multisectoriel","key_features":"Connaissances du march\u00e9, cha\u00eene d'approvisionnement, formation","recommended_for":"Nouveaux exportateurs et exportateurs actifs","primary_region_of_focus":"Mondial","participation_fees":"Gratuit","application_deadline":"Le 12 septembre 2025","got_a_question":"<p>Nandi Kaul<br \/>\n<a href=\"mailto:nandi.kaul@onbcanada.ca\"><strong>nandi.kaul@onbcanada.ca<\/strong><\/a><\/p>\n","event_status":"Confirmed","ticket_url":"","ticket_button_text":"","disclaimer":""},"_links":{"self":[{"href":"https:\/\/onbcanada.ca\/fr\/wp-json\/wp\/v2\/tribe_events\/197375","targetHints":{"allow":["GET"]}}],"collection":[{"href":"https:\/\/onbcanada.ca\/fr\/wp-json\/wp\/v2\/tribe_events"}],"about":[{"href":"https:\/\/onbcanada.ca\/fr\/wp-json\/wp\/v2\/types\/tribe_events"}],"author":[{"embeddable":true,"href":"https:\/\/onbcanada.ca\/fr\/wp-json\/wp\/v2\/users\/19"}],"version-history":[{"count":1,"href":"https:\/\/onbcanada.ca\/fr\/wp-json\/wp\/v2\/tribe_events\/197375\/revisions"}],"predecessor-version":[{"id":197378,"href":"https:\/\/onbcanada.ca\/fr\/wp-json\/wp\/v2\/tribe_events\/197375\/revisions\/197378"}],"wp:featuredmedia":[{"embeddable":true,"href":"https:\/\/onbcanada.ca\/fr\/wp-json\/wp\/v2\/media\/198528"}],"wp:attachment":[{"href":"https:\/\/onbcanada.ca\/fr\/wp-json\/wp\/v2\/media?parent=197375"}],"wp:term":[{"taxonomy":"post_tag","embeddable":true,"href":"https:\/\/onbcanada.ca\/fr\/wp-json\/wp\/v2\/tags?post=197375"},{"taxonomy":"tribe_events_cat","embeddable":true,"href":"https:\/\/onbcanada.ca\/fr\/wp-json\/wp\/v2\/tribe_events_cat?post=197375"}],"curies":[{"name":"wp","href":"https:\/\/api.w.org\/{rel}","templated":true}]}}