{"id":198475,"date":"2025-11-12T11:51:31","date_gmt":"2025-11-12T16:51:31","guid":{"rendered":"https:\/\/onbcanada.ca\/?post_type=tribe_events&#038;p=198475"},"modified":"2026-01-12T11:05:21","modified_gmt":"2026-01-12T16:05:21","slug":"global-industrie-paris-2026","status":"publish","type":"tribe_events","link":"https:\/\/onbcanada.ca\/fr\/event\/global-industrie-paris-2026\/","title":{"rendered":"Global Industrie Paris 2026"},"content":{"rendered":"<p><!--StartFragment --><\/p>\n<p class=\"pf0\"><span class=\"cf0\">Joignez-vous \u00e0 la mission commerciale du Nouveau-Brunswick \u00e0 Global Industrie, l\u2019un des plus grands \u00e9v\u00e9nements mondiaux d\u00e9di\u00e9s \u00e0 l\u2019innovation manufacturi\u00e8re et industrielle. Rassemblant plus de 2 500 exposants et des milliers de professionnels, cet \u00e9v\u00e9nement est une occasion unique de cr\u00e9er des partenariats internationaux et de mettre en valeur votre expertise dans la fabrication avanc\u00e9e, l\u2019\u00e9nergie, l\u2019a\u00e9rospatiale et plus encore.<\/span><\/p>\n<p class=\"pf0\"><span class=\"cf0\">En tant que coexposants au pavillon du Nouveau-Brunswick, les entreprises participantes b\u00e9n\u00e9ficieront d\u2019une visibilit\u00e9 accrue aupr\u00e8s d\u2019acheteurs et de partenaires en France et ailleurs en Europe. Elles profiteront \u00e9galement d\u2019un briefing pr\u00e9alable avec renseignements de march\u00e9 et d\u2019un programme de rencontres B2B personnalis\u00e9es, organis\u00e9s par des consultants experts sur le march\u00e9, afin de maximiser les opportunit\u00e9s de collaboration. Saisissez cette occasion d\u2019\u00e9largir votre r\u00e9seau et de renforcer votre visibilit\u00e9 \u00e0 l\u2019international dans l\u2019un des march\u00e9s industriels les plus dynamiques au monde. Inscrivez-vous d\u00e8s maintenant<\/span><!--EndFragment --><\/p>\n","protected":false},"excerpt":{"rendered":"<p>Joignez-vous \u00e0 la mission commerciale du Nouveau-Brunswick \u00e0 Global Industrie, l\u2019un des plus grands \u00e9v\u00e9nements mondiaux d\u00e9di\u00e9s \u00e0 l\u2019innovation manufacturi\u00e8re et industrielle. Rassemblant plus de 2 500 exposants et des [&hellip;]<\/p>\n","protected":false},"author":19,"featured_media":198490,"template":"","meta":{"_seopress_robots_primary_cat":"","_seopress_titles_title":"","_seopress_titles_desc":"","_seopress_robots_index":"","_tribe_events_status":"","_tribe_events_status_reason":"","_tribe_events_is_hybrid":"","_tribe_events_is_virtual":"","_tribe_events_virtual_video_source":"","_tribe_events_virtual_embed_video":"","_tribe_events_virtual_linked_button_text":"","_tribe_events_virtual_linked_button":"","_tribe_events_virtual_show_embed_at":"","_tribe_events_virtual_show_embed_to":[],"_tribe_events_virtual_show_on_event":"","_tribe_events_virtual_show_on_views":"","_tribe_events_virtual_url":"","footnotes":""},"tags":[],"tribe_events_cat":[],"class_list":["post-198475","tribe_events","type-tribe_events","status-publish","has-post-thumbnail","hentry"],"meta_box":{"type_of_event":"Mission commerciale","sector":"Cybers\u00e9curit\u00e9, technologies propre, innovation \u00e9nerg\u00e9tique, fabrication de pointe, construction et infrastructure, \u00e9lectronique, robotique, automatisation, num\u00e9risation, intelligence artificielle (IA), soudage, machines","key_features":"Espace d'exposition, visibilit\u00e9 de votre marque, coaching individuel, rencontres interentreprises, r\u00e9seautage sur le march\u00e9, options de participation flexibles, informations sur le march\u00e9, cha\u00eene d'approvisionnement, g\u00e9n\u00e9ration de prospects","recommended_for":"Exportateurs actifs","primary_region_of_focus":"Europe et mondial","participation_fees":"500 $ (voyage et h\u00e9bergement non inclus)","application_deadline":"Le 30 novembre 2025","got_a_question":"<p>Barry Pope<br \/>\n<a href=\"mailto:barry.pope@onbcanada.ca\">barry.pope@onbcanada.ca<\/a><\/p>\n","event_status":"Confirmed","ticket_url":"https:\/\/forms.office.com\/r\/F4R7dwTP5z","ticket_button_text":"Appliquer maintenant","disclaimer":""},"_links":{"self":[{"href":"https:\/\/onbcanada.ca\/fr\/wp-json\/wp\/v2\/tribe_events\/198475","targetHints":{"allow":["GET"]}}],"collection":[{"href":"https:\/\/onbcanada.ca\/fr\/wp-json\/wp\/v2\/tribe_events"}],"about":[{"href":"https:\/\/onbcanada.ca\/fr\/wp-json\/wp\/v2\/types\/tribe_events"}],"author":[{"embeddable":true,"href":"https:\/\/onbcanada.ca\/fr\/wp-json\/wp\/v2\/users\/19"}],"version-history":[{"count":5,"href":"https:\/\/onbcanada.ca\/fr\/wp-json\/wp\/v2\/tribe_events\/198475\/revisions"}],"predecessor-version":[{"id":215653,"href":"https:\/\/onbcanada.ca\/fr\/wp-json\/wp\/v2\/tribe_events\/198475\/revisions\/215653"}],"wp:featuredmedia":[{"embeddable":true,"href":"https:\/\/onbcanada.ca\/fr\/wp-json\/wp\/v2\/media\/198490"}],"wp:attachment":[{"href":"https:\/\/onbcanada.ca\/fr\/wp-json\/wp\/v2\/media?parent=198475"}],"wp:term":[{"taxonomy":"post_tag","embeddable":true,"href":"https:\/\/onbcanada.ca\/fr\/wp-json\/wp\/v2\/tags?post=198475"},{"taxonomy":"tribe_events_cat","embeddable":true,"href":"https:\/\/onbcanada.ca\/fr\/wp-json\/wp\/v2\/tribe_events_cat?post=198475"}],"curies":[{"name":"wp","href":"https:\/\/api.w.org\/{rel}","templated":true}]}}