{"id":226541,"date":"2026-02-09T12:59:06","date_gmt":"2026-02-09T17:59:06","guid":{"rendered":"https:\/\/onbcanada.ca\/?post_type=tribe_events&#038;p=226541"},"modified":"2026-03-19T07:39:48","modified_gmt":"2026-03-19T11:39:48","slug":"conference-2026-de-lalliance-des-etats-du-sud-est-des-etats-unis-et-des-provinces-canadiennes-seus-cp","status":"publish","type":"tribe_events","link":"https:\/\/onbcanada.ca\/fr\/event\/conference-2026-de-lalliance-des-etats-du-sud-est-des-etats-unis-et-des-provinces-canadiennes-seus-cp\/","title":{"rendered":"Conf\u00e9rence 2026 de l&rsquo;Alliance des \u00c9tats du Sud-Est des \u00c9tats-Unis et des provinces canadiennes (SEUS-CP)"},"content":{"rendered":"<p><!--StartFragment --><\/p>\n<p class=\"pf0\"><span class=\"cf0\">La conf\u00e9rence annuelle de l&rsquo;Alliance des \u00c9tats du Sud-Est des \u00c9tats-Unis et des provinces canadiennes (SEUS-CP) est un \u00e9v\u00e9nement de premier plan, con\u00e7u pour favoriser la collaboration, stimuler l\u2019innovation et cr\u00e9er de nouveaux partenariats transfrontaliers en mati\u00e8re d\u2019approvisionnement. Son format dynamique, associ\u00e9 \u00e0 un programme de jumelage interentreprises (B2B) cibl\u00e9, en fait un \u00e9v\u00e9nement incontournable pour les fabricants, distributeurs, fournisseurs et acheteurs de taille petite et moyenne du Sud-Est des \u00c9tats-Unis et du Canada, souhaitant entrer en contact avec des entreprises et des organismes gouvernementaux et d\u00e9velopper leurs activit\u00e9s.<\/span><\/p>\n<p class=\"pf0\"><span class=\"cf0\">Cette ann\u00e9e, la conf\u00e9rence mettra l\u2019accent sur l\u2019exploration d\u2019opportunit\u00e9s d\u2019approvisionnement dans les secteurs de l\u2019\u00e9nergie avanc\u00e9e, des sciences de la vie et de la mobilit\u00e9. ALF, Boeing, Duke Energy, PAI Pharma, Schneider Electric, Scout Motors et South Carolina State Procurement\u00a0ont d\u00e9j\u00e0 confirm\u00e9 leur participation.<\/span><\/p>\n<p class=\"pf0\"><span class=\"cf0\">Saisissez cette occasion unique de rencontrer des leaders de l\u2019industrie, des hauts fonctionnaires et des d\u00e9cideurs cl\u00e9s des douze juridictions de l\u2019Alliance SEUS-CP*, partageant vos objectifs en mati\u00e8re de cha\u00eene d\u2019approvisionnement. Consultez les besoins en approvisionnement des entreprises qui participeront \u00e0 la conf\u00e9rence 2026 et inscrivez-vous d\u00e8s maintenant!<\/span><\/p>\n<p class=\"pf0\"><span class=\"cf2\">*L&rsquo;Alliance des \u00c9tats du Sud-Est des \u00c9tats-Unis et des provinces canadiennes (SEUS-CP) est un partenariat strat\u00e9gique ax\u00e9 sur le commerce et l\u2019investissement, \u00e9tabli en 2007 afin de promouvoir officiellement un int\u00e9r\u00eat commun pour le renforcement des liens \u00e9conomiques entre six \u00c9tats am\u00e9ricains du Sud-Est (l\u2019Alabama, la G\u00e9orgie, le Mississippi, la Caroline du Nord, la Caroline du Sud et le Tennessee) et six provinces canadiennes (l\u2019Ontario, le Nouveau-Brunswick, le Qu\u00e9bec, Terre-Neuve-et-Labrador, la Nouvelle-\u00c9cosse et l\u2019\u00cele-du-Prince-\u00c9douard).<\/span><\/p>\n<p><!--EndFragment --><\/p>\n","protected":false},"excerpt":{"rendered":"<p>La conf\u00e9rence annuelle de l&rsquo;Alliance des \u00c9tats du Sud-Est des \u00c9tats-Unis et des provinces canadiennes (SEUS-CP) est un \u00e9v\u00e9nement de premier plan, con\u00e7u pour favoriser la collaboration, stimuler l\u2019innovation et [&hellip;]<\/p>\n","protected":false},"author":19,"featured_media":226537,"template":"","meta":{"_seopress_robots_primary_cat":"","_seopress_titles_title":"Conf\u00e9rence 2026 de l'Alliance des \u00c9tats du Sud-Est des \u00c9tats-Unis et des provinces canadiennes (SEUS-CP)","_seopress_titles_desc":"La conf\u00e9rence annuelle de l'Alliance des \u00c9tats du Sud-Est des \u00c9tats-Unis et des provinces canadiennes (SEUS-CP) est un \u00e9v\u00e9nement de premier plan, con\u00e7u pour favoriser la collaboration, stimuler l\u2019innovation et cr\u00e9er de nouveaux partenariats transfrontaliers en mati\u00e8re d\u2019approvisionnement. Son format dynamique, associ\u00e9 \u00e0 un programme de jumelage interentreprises (B2B) cibl\u00e9, en fait un \u00e9v\u00e9nement incontournable pour les fabricants, distributeurs, fournisseurs et acheteurs de taille petite et moyenne du Sud-Est des \u00c9tats-Unis et du Canada, souhaitant entrer en contact avec des entreprises et des organismes gouvernementaux et d\u00e9velopper leurs activit\u00e9s.","_seopress_robots_index":"","_tribe_events_status":"","_tribe_events_status_reason":"","_tribe_events_is_hybrid":"","_tribe_events_is_virtual":"","_tribe_events_virtual_video_source":"","_tribe_events_virtual_embed_video":"","_tribe_events_virtual_linked_button_text":"","_tribe_events_virtual_linked_button":"","_tribe_events_virtual_show_embed_at":"","_tribe_events_virtual_show_embed_to":[],"_tribe_events_virtual_show_on_event":"","_tribe_events_virtual_show_on_views":"","_tribe_events_virtual_url":"","footnotes":""},"tags":[],"tribe_events_cat":[],"class_list":["post-226541","tribe_events","type-tribe_events","status-publish","has-post-thumbnail","hentry"],"meta_box":{"type_of_event":"Conf\u00e9rence","sector":"\u00c9nergie avanc\u00e9e, sciences de la vie et mobilit\u00e9","key_features":"Connaissance du march\u00e9, rencontres interentreprises, g\u00e9n\u00e9ration de prospects","recommended_for":"Les nouveaux exportateurs, les exportateurs actifs et\/ou les exportateurs \u00e9tablis","primary_region_of_focus":"\u00c9tats-Unis","participation_fees":"USD 350 $ (voyage et h\u00e9bergement non inclus)","application_deadline":"June 1, 2026","got_a_question":"<p>Alexa Power<br \/>\n<a href=\"mailto:alexa.power@onbcanada.ca\"><strong>alexa.power@onbcanada.ca<\/strong><\/a><\/p>\n","event_status":"Confirmed","ticket_url":"https:\/\/seus-cp.com\/register\/","ticket_button_text":"S'inscrire maintenant","disclaimer":""},"_links":{"self":[{"href":"https:\/\/onbcanada.ca\/fr\/wp-json\/wp\/v2\/tribe_events\/226541","targetHints":{"allow":["GET"]}}],"collection":[{"href":"https:\/\/onbcanada.ca\/fr\/wp-json\/wp\/v2\/tribe_events"}],"about":[{"href":"https:\/\/onbcanada.ca\/fr\/wp-json\/wp\/v2\/types\/tribe_events"}],"author":[{"embeddable":true,"href":"https:\/\/onbcanada.ca\/fr\/wp-json\/wp\/v2\/users\/19"}],"version-history":[{"count":2,"href":"https:\/\/onbcanada.ca\/fr\/wp-json\/wp\/v2\/tribe_events\/226541\/revisions"}],"predecessor-version":[{"id":227476,"href":"https:\/\/onbcanada.ca\/fr\/wp-json\/wp\/v2\/tribe_events\/226541\/revisions\/227476"}],"wp:featuredmedia":[{"embeddable":true,"href":"https:\/\/onbcanada.ca\/fr\/wp-json\/wp\/v2\/media\/226537"}],"wp:attachment":[{"href":"https:\/\/onbcanada.ca\/fr\/wp-json\/wp\/v2\/media?parent=226541"}],"wp:term":[{"taxonomy":"post_tag","embeddable":true,"href":"https:\/\/onbcanada.ca\/fr\/wp-json\/wp\/v2\/tags?post=226541"},{"taxonomy":"tribe_events_cat","embeddable":true,"href":"https:\/\/onbcanada.ca\/fr\/wp-json\/wp\/v2\/tribe_events_cat?post=226541"}],"curies":[{"name":"wp","href":"https:\/\/api.w.org\/{rel}","templated":true}]}}