{"id":229699,"date":"2026-03-05T08:10:51","date_gmt":"2026-03-05T13:10:51","guid":{"rendered":"https:\/\/onbcanada.ca\/?post_type=tribe_events&#038;p=229699"},"modified":"2026-04-21T15:19:05","modified_gmt":"2026-04-21T19:19:05","slug":"salon-de-la-technologie-de-fabrication-de-montreal-2026","status":"publish","type":"tribe_events","link":"https:\/\/onbcanada.ca\/fr\/event\/salon-de-la-technologie-de-fabrication-de-montreal-2026\/","title":{"rendered":"Salon de la technologie de fabrication de Montr\u00e9al 2026"},"content":{"rendered":"<p data-start=\"0\" data-end=\"319\">Joignez-vous \u00e0 nous pour le plus grand et le plus influent salon de la technologie de fabrication du Qu\u00e9bec, qui r\u00e9unit les leaders industriels, les innovateurs, les acheteurs et les partenaires technologiques de la province pour deux journ\u00e9es dynamiques d\u2019apprentissage, de r\u00e9seautage et de d\u00e9monstrations en direct.<\/p>\n<ul>\n<li data-start=\"0\" data-end=\"319\">D\u00e9couvrez les plus r\u00e9centes technologies d\u2019usinage CNC<\/li>\n<li data-start=\"0\" data-end=\"319\">Voyez les solutions les plus avanc\u00e9es en impression 3D et en fabrication additive (AM)<\/li>\n<li data-start=\"0\" data-end=\"319\">Explorez les derni\u00e8res tendances en IA, en automatisation et en robotique<\/li>\n<li data-start=\"0\" data-end=\"319\">Parcourez la zone des technologies propres<\/li>\n<li data-start=\"0\" data-end=\"319\">D\u00e9couvrez les technologies de fabrication de pointe qui fa\u00e7onnent les secteurs de l\u2019a\u00e9rospatiale et de la d\u00e9fense au Canada<\/li>\n<li data-start=\"0\" data-end=\"319\">Obtenez des perspectives des principaux d\u00e9cideurs de l\u2019industrie<\/li>\n<\/ul>\n","protected":false},"excerpt":{"rendered":"<p>Joignez-vous \u00e0 nous pour le plus grand et le plus influent salon de la technologie de fabrication du Qu\u00e9bec, qui r\u00e9unit les leaders industriels, les innovateurs, les acheteurs et les [&hellip;]<\/p>\n","protected":false},"author":19,"featured_media":229703,"template":"","meta":{"_seopress_robots_primary_cat":"","_seopress_titles_title":"","_seopress_titles_desc":"","_seopress_robots_index":"","_tribe_events_status":"","_tribe_events_status_reason":"","_tribe_events_is_hybrid":"","_tribe_events_is_virtual":"","_tribe_events_virtual_video_source":"","_tribe_events_virtual_embed_video":"","_tribe_events_virtual_linked_button_text":"","_tribe_events_virtual_linked_button":"","_tribe_events_virtual_show_embed_at":"","_tribe_events_virtual_show_embed_to":[],"_tribe_events_virtual_show_on_event":"","_tribe_events_virtual_show_on_views":"","_tribe_events_virtual_url":"","footnotes":""},"tags":[],"tribe_events_cat":[],"class_list":["post-229699","tribe_events","type-tribe_events","status-publish","has-post-thumbnail","hentry"],"meta_box":{"type_of_event":"\u00c9v\u00e9nement","sector":"Fabrication manufacturi\u00e8re avanc\u00e9e, a\u00e9rospatiale et d\u00e9fense, technologies propres, fabrication industrielle","key_features":"Perspectives du march\u00e9, cha\u00eene d\u2019approvisionnement, jumelage d\u2019affaires B2B, g\u00e9n\u00e9ration de pistes, occasions de r\u00e9seautage, visibilit\u00e9 de marque, espace d\u2019exposition.","recommended_for":"Les nouveaux exportateurs ou les exportateurs actifs","primary_region_of_focus":"Canada","participation_fees":"500 $ (voyage et h\u00e9bergement non inclus)","application_deadline":"Le 23 mars 2026","got_a_question":"<p>Natacha Downing<br \/>\n<a href=\"mailto:Natacha.Downing@onbcanada.ca\"><strong>Natacha.Downing@onbcanada.ca<\/strong><\/a><\/p>\n","event_status":"Confirmed","ticket_url":"https:\/\/forms.office.com\/pages\/responsepage.aspx?id=736L4AG1Z0qe0Afji_zO59jTlwMozrFDoaY2kt3RNo9UQUpRTkFTMDlKRzRGVFdDOE4wQjJMNE5JTS4u&route=shorturl","ticket_button_text":"Postuler maintenant","disclaimer":""},"_links":{"self":[{"href":"https:\/\/onbcanada.ca\/fr\/wp-json\/wp\/v2\/tribe_events\/229699","targetHints":{"allow":["GET"]}}],"collection":[{"href":"https:\/\/onbcanada.ca\/fr\/wp-json\/wp\/v2\/tribe_events"}],"about":[{"href":"https:\/\/onbcanada.ca\/fr\/wp-json\/wp\/v2\/types\/tribe_events"}],"author":[{"embeddable":true,"href":"https:\/\/onbcanada.ca\/fr\/wp-json\/wp\/v2\/users\/19"}],"version-history":[{"count":5,"href":"https:\/\/onbcanada.ca\/fr\/wp-json\/wp\/v2\/tribe_events\/229699\/revisions"}],"predecessor-version":[{"id":241641,"href":"https:\/\/onbcanada.ca\/fr\/wp-json\/wp\/v2\/tribe_events\/229699\/revisions\/241641"}],"wp:featuredmedia":[{"embeddable":true,"href":"https:\/\/onbcanada.ca\/fr\/wp-json\/wp\/v2\/media\/229703"}],"wp:attachment":[{"href":"https:\/\/onbcanada.ca\/fr\/wp-json\/wp\/v2\/media?parent=229699"}],"wp:term":[{"taxonomy":"post_tag","embeddable":true,"href":"https:\/\/onbcanada.ca\/fr\/wp-json\/wp\/v2\/tags?post=229699"},{"taxonomy":"tribe_events_cat","embeddable":true,"href":"https:\/\/onbcanada.ca\/fr\/wp-json\/wp\/v2\/tribe_events_cat?post=229699"}],"curies":[{"name":"wp","href":"https:\/\/api.w.org\/{rel}","templated":true}]}}